{"version":"1.0","provider_name":"Piso Franco","provider_url":"https:\/\/pisofranco.gal","title":"Tensi\u00f3n laboral non resolta - Piso Franco","type":"rich","width":600,"height":338,"html":"<blockquote class=\"wp-embedded-content\" data-secret=\"EK3yA4yQL7\"><a href=\"https:\/\/pisofranco.gal\/artigos\/2022\/07\/01\/tension-laboral-non-resolta-244327\/\">Tensi\u00f3n laboral non resolta<\/a><\/blockquote><iframe sandbox=\"allow-scripts\" security=\"restricted\" src=\"https:\/\/pisofranco.gal\/artigos\/2022\/07\/01\/tension-laboral-non-resolta-244327\/embed\/#?secret=EK3yA4yQL7\" width=\"600\" height=\"338\" title=\"&#8220;Tensi\u00f3n laboral non resolta&#8221; &#8212; Piso Franco\" data-secret=\"EK3yA4yQL7\" frameborder=\"0\" marginwidth=\"0\" marginheight=\"0\" scrolling=\"no\" class=\"wp-embedded-content\"><\/iframe><script type=\"text\/javascript\">\n\/* <![CDATA[ *\/\n\/*! This file is auto-generated *\/\n!function(d,l){\"use strict\";l.querySelector&&d.addEventListener&&\"undefined\"!=typeof URL&&(d.wp=d.wp||{},d.wp.receiveEmbedMessage||(d.wp.receiveEmbedMessage=function(e){var t=e.data;if((t||t.secret||t.message||t.value)&&!\/[^a-zA-Z0-9]\/.test(t.secret)){for(var s,r,n,a=l.querySelectorAll('iframe[data-secret=\"'+t.secret+'\"]'),o=l.querySelectorAll('blockquote[data-secret=\"'+t.secret+'\"]'),c=new RegExp(\"^https?:$\",\"i\"),i=0;i<o.length;i++)o[i].style.display=\"none\";for(i=0;i<a.length;i++)s=a[i],e.source===s.contentWindow&&(s.removeAttribute(\"style\"),\"height\"===t.message?(1e3<(r=parseInt(t.value,10))?r=1e3:~~r<200&&(r=200),s.height=r):\"link\"===t.message&&(r=new URL(s.getAttribute(\"src\")),n=new URL(t.value),c.test(n.protocol))&&n.host===r.host&&l.activeElement===s&&(d.top.location.href=t.value))}},d.addEventListener(\"message\",d.wp.receiveEmbedMessage,!1),l.addEventListener(\"DOMContentLoaded\",function(){for(var e,t,s=l.querySelectorAll(\"iframe.wp-embedded-content\"),r=0;r<s.length;r++)(t=(e=s[r]).getAttribute(\"data-secret\"))||(t=Math.random().toString(36).substring(2,12),e.src+=\"#?secret=\"+t,e.setAttribute(\"data-secret\",t)),e.contentWindow.postMessage({message:\"ready\",secret:t},\"*\")},!1)))}(window,document);\n\/* ]]> *\/\n<\/script>\n","thumbnail_url":"https:\/\/pisofranco.gal\/wp-content\/uploads\/2022\/07\/3237C435-02F5-43FF-A752-DF83B7FDA07F-scaled.jpeg","thumbnail_width":2560,"thumbnail_height":1700,"description":"Toda a tensi\u00f3n laboral que tan claramente se percibe na fotograf\u00eda non procede dun hist\u00f3rico conflito coa patronal, do incumprimento da normativa de riscos laborais ou de que ese tel\u00e9fono, fillo dunha d\u00e9cada de elementos fixos, soe ininterrumpidamente como un martelo que peta desde o pasado. A tensi\u00f3n laboral que paira sobre a reconversi\u00f3n dun &hellip;"}